{"id":157,"date":"2011-10-12T15:38:47","date_gmt":"2011-10-12T15:38:47","guid":{"rendered":"http:\/\/graenaorkan.is.w7.nethonnun.is\/?page_id=157"},"modified":"2023-11-16T09:40:27","modified_gmt":"2023-11-16T09:40:27","slug":"157-2","status":"publish","type":"page","link":"https:\/\/graenaorkan.is\/?page_id=157","title":{"rendered":"A\u00f0ilaskr\u00e1"},"content":{"rendered":"<h1>Samstarfsa\u00f0ilar Gr\u00e6nu orkunar<\/h1>\n<div>\n<p>\u00c1 a\u00f0alfundi Gr\u00e6nu orkunnar \u00ed n\u00f3vember 2014 var \u00e1kve\u00f0i\u00f0 a\u00f0 stofna formleg f\u00e9lagasamt\u00f6k undir heitinu <em>Samstarfsvettvangur um orkuskipti<\/em>. \u00cd dag er f\u00e9lagsgjald fyrirt\u00e6kja me\u00f0 fleiri en 25 starfsmenn skyldi vera 50.000 en 12.500 fyrir minni fyrirt\u00e6ki og einstaklinga.<\/p>\n<p>Samt\u00f6kin eru opin \u00f6llum sem hafa \u00e1huga \u00e1 vistv\u00e6nu eldsneyti og orkuskiptum. Markmi\u00f0i\u00f0 er a\u00f0 allir \u00feeir sem \u00e1 einn e\u00f0a annan h\u00e1tt starfa a\u00f0 orkuskiptum \u00ed samg\u00f6ngum \u00e1 \u00cdslandi sj\u00e1i Gr\u00e6nu orkuna sem sameiginlegan vettvang uppl\u00fdsingagjafar og sko\u00f0anaskipta. H\u00e9r er a\u00f0 finna f\u00e9lagatal Gr\u00e6nu orkunnar eins og sta\u00f0an var \u00ed ma\u00ed 2023.<\/p>\n<p><a href=\"https:\/\/www.alor.is\/\">Alor<\/a> var stofna\u00f0 \u00ed \u00fev\u00ed skyni a\u00f0 \u00fer\u00f3a, framlei\u00f0a og marka\u00f0ssetja umhverfisv\u00e6nar \u00e1lrafhl\u00f6\u00f0ur og -orkugeymslur. \u00cd n\u00fdsk\u00f6puninni felst a\u00f0 stefnt er framlei\u00f0slu \u00e1 \u00e1lrafhl\u00f6\u00f0um af mismunandi st\u00e6r\u00f0um, \u00fe.e. fr\u00e1 litlum rafhl\u00f6\u00f0um og rafgeymum yfir \u00ed st\u00f3rar orkugeymslur \u00ed g\u00e1mast\u00e6r\u00f0um.<\/p>\n<p><a href=\"http:\/\/askja.is\/\">Askja b\u00edlaumbo\u00f0<\/a>\u00a0er \u00fej\u00f3nustufyrirt\u00e6ki sem s\u00e9rh\u00e6fir sig i s\u00f6lu og \u00fej\u00f3nustu \u00e1 bifrei\u00f0um fr\u00e1 Mercedes-Benz og Kia. Markmi\u00f0 fyrirt\u00e6kisins er a\u00f0 vera \u00ed fararbroddi hva\u00f0 var\u00f0ar \u00fej\u00f3nustu til vi\u00f0skiptavina og marka\u00f0ssetningu \u00feeirrar v\u00f6ru sem fyrirt\u00e6ki\u00f0 selur og \u00fej\u00f3nustar.<\/p>\n<p><a style=\"font-weight: 300;\" href=\"http:\/\/www.atlantsolia.is\/\">Atlantsol\u00eda<\/a>\u00a0rekur 9 sj\u00e1lfsafgrei\u00f0slust\u00f6\u00f0var, \u00fear af 16 \u00e1 Su\u00f0vesturlandi, 2 \u00e1 Akureyri og eina st\u00f6\u00f0 \u00e1 Egilsst\u00f6\u00f0um. Atlantsol\u00eda rekur birg\u00f0arst\u00f6\u00f0 og hefur 4 ol\u00edub\u00edla \u00ed dreifingu \u00e1 eldsneyti.\u00a0Atlantsol\u00eda hefur \u00fea\u00f0 a\u00f0 lei\u00f0arlj\u00f3si a\u00f0 bj\u00f3\u00f0a \u00e1vallt samkeppnish\u00e6ft ver\u00f0 \u00e1 eldsneyti, gott a\u00f0gengi a\u00f0 bens\u00ednst\u00f6\u00f0vum og einfaldleika \u00ed \u00fej\u00f3nustu.<\/p>\n<p><a style=\"font-weight: 300;\" href=\"http:\/\/www.bgs.is\/\">B\u00edlgreinasambandi\u00f0<\/a><span style=\"font-weight: 300;\">\u00a0er \u00ed m\u00e1lsvari fyrir sambandsa\u00f0ila um m\u00e1lefni b\u00edlgreinarinnar gagnvart \u00f6llum opinberum a\u00f0ilum, samt\u00f6kum, framlei\u00f0endum, \u00f6\u00f0rum vi\u00f0skiptam\u00f6nnum og almenningi, sinnir uppl\u00fdsingagj\u00f6f til f\u00e9lagsmanna og stendur fyrir fr\u00e6\u00f0slu og endurmenntun.<\/span><\/p>\n<p><a href=\"http:\/\/bl.is\/\">BL<\/a>\u00a0ehf er r\u00f3tgr\u00f3i\u00f0 b\u00edlaumbo\u00f0 sem var\u00f0 til vi\u00f0 sameiningu Ingvars Helgasonar og B&amp;L \u00e1ri\u00f0 2011.\u00a0BL er b\u00edlaumbo\u00f0 og \u00fej\u00f3nustua\u00f0ili fyrir: Nissan, Subaru, Renault, Isuzu, Dacia, Land Rover,\u00a0Jaguar,\u00a0BMW,\u00a0MINI,\u00a0Hyundai og\u00a0Iveco Bus.\u00a0BL. ehf rekur einnig Hyundai b\u00edlaumbo\u00f0i\u00f0 a\u00f0 Kaupt\u00fani 1.<\/p>\n<p><a href=\"https:\/\/www.brimborg.is\/is?gclid=Cj0KCQjwyLGjBhDKARIsAFRNgW9-ALl-reI8eSW0HhLszH19u3OFOEaiX4uykHHrgHOY9HV0cJKHfDQaAqJUEALw_wcB\">Brimborg<\/a> er b\u00edlaumbo\u00f0, b\u00edlaleiga og s\u00f6lu- og \u00fej\u00f3nustuumbo\u00f0 fyrir atvinnub\u00edla og atvinnut\u00e6ki me\u00f0 starfsemi \u00ed Reykjav\u00edk, Hafnarfir\u00f0i, Reykjanesb\u00e6 og \u00e1 Akureyri. Brimborg er umbo\u00f0sa\u00f0ili \u00e1 \u00cdslandi fyrir fj\u00f6lm\u00f6rg v\u00f6rumerki, me\u00f0al annars Ford, Volvo, Polestar, Mazda, Citro\u00ebn, Peugeot og Opel.<\/p>\n<p>Clara Arctic Energy hefur \u00fea\u00f0 a\u00f0 markmi\u00f0i a\u00f0 koma \u00ed notkun innvi\u00f0a- og flota\u00fej\u00f3nustu fyrir losunarfr\u00edtt eldsneyti \u00e1 landi og \u00e1 sj\u00f3 \u00e1 \u00cdslandi.<\/p>\n<p><a href=\"https:\/\/www.carbonrecycling.is\/\">Carbon Recycling International<\/a> er lei\u00f0andi fyrirt\u00e6ki \u00e1 heimsv\u00edsu \u00e1 svi\u00f0i metan\u00f3l t\u00e6kni. \u00dea\u00f0 framlei\u00f0ir endurn\u00fdjanlegt metan\u00f3l \u00far koltv\u00eds\u00fdringi, vetni og rafmagni til notkunar sem eldsneyti, og sem hr\u00e1efni \u00ed gr\u00e6n efni og v\u00f6rur. CRI byggir einnig metan\u00f3l framlei\u00f0slust\u00f6\u00f0var og vinnur me\u00f0 samstarfsa\u00f0ilum a\u00f0 \u00fdmsum verkefnum, m.a. til a\u00f0 auka skilvirkni og skapa ver\u00f0m\u00e6ti \u00far \u00fargangsstraumum.<\/p>\n<p><a href=\"https:\/\/www.e1.is\/\">E1<\/a> Meginmarki\u00f0 e1 er a\u00f0 efla uppbyggingu innvi\u00f0a fyrir rafb\u00edla og stu\u00f0la a\u00f0 hra\u00f0ari orkuskiptum \u00ed samg\u00f6ngum \u00e1 \u00cdslandi me\u00f0 \u00fev\u00ed a\u00f0 au\u00f0velda tengingu rafb\u00edlaeigenda vi\u00f0 eigendur hle\u00f0slust\u00f6\u00f0va.<\/p>\n<p><a href=\"http:\/\/efla.is\/\">EFLA verfr\u00e6\u00f0istofa<\/a>\u00a0er alhli\u00f0a verkfr\u00e6\u00f0i- og r\u00e1\u00f0gjafarfyrirt\u00e6ki sem veitir fj\u00f6lbreytta \u00fej\u00f3nustu \u00e1 \u00f6llum helstu svi\u00f0um verkfr\u00e6\u00f0i, t\u00e6kni og tengdra greina.<\/p>\n<section class=\"no-gutter banner \">\n<div class=\"limit\">\n<div class=\"grid gutter collapse800\">\n<div class=\"no-gutter col s12of12 even-item\" data-video-mp4=\"\/media\/1268\/oeobreyttimp4.mp4\" data-video-poster=\"\/media\/1041\/front-godafoss.jpg?width=1440&amp;quality=70\">\n<p><a style=\"font-weight: 300;\" href=\"http:\/\/fib.is\/\">F\u00e9lag \u00cdslenskra Bifrei\u00f0aeigenda<\/a>\u00a0er hagsmunaf\u00e9lag bifrei\u00f0eigenda og jafnframt\u00a0st\u00e6rstu frj\u00e1lsu neytendasamt\u00f6k landsins.\u00a0F\u00cdB veitir hagn\u00fdta t\u00e6kni og l\u00f6gfr\u00e6\u00f0ir\u00e1\u00f0gj\u00f6f og fj\u00f6lbreytta \u00fej\u00f3nustu til f\u00e9lagsmanna.\u00a0F\u00cdB er a\u00f0ili a\u00f0 FIA Al\u00fej\u00f3\u00f0a samt\u00f6kum bifrei\u00f0aeigenda.<\/p>\n<p><a href=\"http:\/\/www.fjarmalaraduneyti.is\/\">Fj\u00e1rm\u00e1la- og efnahagsr\u00e1\u00f0uneyti\u00f0<\/a>\u00a0Meginhlutverk fj\u00e1rm\u00e1la- og efnahagsr\u00e1\u00f0uneytis felst \u00ed yfirstj\u00f3rn opinberra fj\u00e1rm\u00e1la og efnahagsm\u00e1la. R\u00e1\u00f0uneyti\u00f0 fer me\u00f0 m\u00e1lefni fj\u00e1rm\u00e1lamarka\u00f0arins, ber \u00e1byrg\u00f0 \u00e1 b\u00e6ttum stj\u00f3rnunarh\u00e1ttum og \u00e1\u00e6tlanager\u00f0, hefur me\u00f0 h\u00f6ndum virka stj\u00f3rn mannau\u00f0sm\u00e1la r\u00edkisins og er lei\u00f0andi \u00ed umb\u00f3tum og n\u00fdsk\u00f6pun \u00ed rekstri r\u00edkisins.<\/p>\n<\/div>\n<p><a href=\"https:\/\/gefn.is\/is_is.html\">Gefn<\/a> vinnur a\u00f0 ferlum \u00fear sem sk\u00f6pu\u00f0 eru ver\u00f0m\u00e6ti \u00far aukaafur\u00f0um og \u00fargangi fr\u00e1 vinnslu l\u00edffitu um lei\u00f0 og CO2 er bundi\u00f0. T\u00e6kni Gefnar gerir m\u00f6gulega kvika vinnslu og framlei\u00f0slu endurn\u00fdjanlegra efnasambanda. T\u00e6knin gefur kost \u00e1 sj\u00e1lfb\u00e6rri framlei\u00f0slu sem b\u00e6tir n\u00fdtingu hr\u00e1efna og minnkar \u00fe\u00f6rf \u00e1 framlei\u00f0slu \u00ed\u00f0efna \u00far jar\u00f0efnaeldsneyti.<\/p>\n<\/div>\n<\/div>\n<\/section>\n<p><a href=\"https:\/\/greenfuel.is\/\">Green Fuel<\/a> \u00e6tlar s\u00e9r a\u00f0 vera lei\u00f0andi \u00e1 heimsv\u00edsu \u00ed \u00fev\u00ed a\u00f0 skipta jar\u00f0efnaeldsneyti \u00fat fyrir gr\u00e6nt vetni og ammon\u00edak sem framleitt er \u00ed verksmi\u00f0jum fyrirt\u00e6kisins \u00e1 \u00cdslandi. Green Fuel vinnur a\u00f0 uppbyggingu framlei\u00f0slu \u00e1 Bakka og gerir r\u00e1\u00f0 fyrir 30 MWe einingu strax fyrir lok \u00e1rs 2025.<\/p>\n<p><a href=\"https:\/\/www.hekla.is\/\">Hekla\u00a0<\/a>er umbo\u00f0sa\u00f0ili fyrir Audi, Mitsubishi, Skoda og Volkswagen; v\u00f6rumerki sem eru lei\u00f0andi \u00ed t\u00e6kniframf\u00f6rum, h\u00f6nnun og \u00fer\u00f3un fj\u00f6lbreyttra aflgjafa.<\/p>\n<p><a href=\"http:\/\/www.holdur.is\/\">H\u00f6ldur ehf \u2013 B\u00edlaleiga Akureyrar\u00a0<\/a>er einn st\u00e6rsti b\u00edlakaupandi landsins og hefur um margra \u00e1ra skei\u00f0 unni\u00f0 a\u00f0 umhverfism\u00e1lum. Starfsst\u00f6\u00f0var b\u00edlaleigunnar \u00ed Reykjav\u00edk og \u00e1 Keflav\u00edkurflugvelli eru votta\u00f0ar samkv\u00e6mt al\u00fej\u00f3\u00f0lega umhverfisstj\u00f3rnunarsta\u00f0linum \u00cdST EN ISO 14001:2004 og unni\u00f0 er a\u00f0 innlei\u00f0ingu sta\u00f0alsins \u00e1 \u00f6llum starfsst\u00f6\u00f0vum. Eitt af markmi\u00f0um \u00feeirra er a\u00f0 minnka \u00fatbl\u00e1stur CO<sub>2 <\/sub>hj\u00e1 b\u00edlaflota fyrirt\u00e6kisins og hafa \u00feeir n\u00e1\u00f0 talsver\u00f0um \u00e1rangri \u00e1 \u00fev\u00ed svi\u00f0i.<\/p>\n<p><a href=\"https:\/\/www.stjornarradid.is\/raduneyti\/innvidaraduneytid\/\">Innvi\u00f0ar\u00e1\u00f0uneyti\u00f0<\/a> Verkefni innvi\u00f0ar\u00e1\u00f0uneytisins n\u00e1 til fj\u00f6lmargra svi\u00f0a \u00fej\u00f3\u00f0f\u00e9lagsins og\u00a0var\u00f0a me\u00f0al annars samg\u00f6ngur, sveitarstj\u00f3rnar- og bygg\u00f0am\u00e1l, grunnskr\u00e1r, p\u00f3st\u00fej\u00f3nustu, h\u00fasn\u00e6\u00f0is- og mannvirkjam\u00e1l og skipulagsm\u00e1l.\u00a0Innvi\u00f0ar\u00e1\u00f0herra fer me\u00f0 yfirstj\u00f3rn r\u00e1\u00f0uneytisins.<\/p>\n<p><a href=\"https:\/\/www.postur.is\/\">\u00cdslandsp\u00f3stur<\/a> er einn st\u00e6rsti vinnuveitandi landsins me\u00f0 um 1000 starfsmenn. Hlutverk \u00cdslandsp\u00f3sts er a\u00f0 tengja f\u00f3lk, fyrirt\u00e6ki og samf\u00e9l\u00f6g me\u00f0 dreifingar-, samskipta- og flutningalausnum um allt land og allan heim. Framt\u00ed\u00f0ars\u00fdn \u00cdslandsp\u00f3sts er a\u00f0 vera fyrsta val vi\u00f0skiptavina me\u00f0 \u00fev\u00ed a\u00f0 veita fram\u00farskarandi \u00fej\u00f3nustu og bestu lausnir \u00e1 hverjum t\u00edma.<\/p>\n<p><a style=\"font-weight: 300;\" href=\"http:\/\/www.newenergy.is\/\">\u00cdslensk N\u00fdOrka<\/a><span style=\"font-weight: 300;\">\u00a0vinnur a\u00f0 \u00fer\u00f3unar- og tilraunaverkefnum me\u00f0 vistv\u00e6na orkugjafa \u00ed samg\u00f6ngum, \u00fear \u00e1 me\u00f0al rafmagn, metan, metan\u00f3l og vetni.\u00a0<\/span><\/p>\n<p><a href=\"https:\/\/isorka.is\">\u00cdsorka<\/a> f\u00f3r formlega \u00ed lofti\u00f0 \u00ed desember 2016 og var \u00fe\u00e1 fyrsta sm\u00e1forriti\u00f0 \u00e1 \u00cdslandi sem mi\u00f0la\u00f0i lifandi uppl\u00fdsingum um hle\u00f0slust\u00f6\u00f0var. \u00cdsorka er traustur samstarfsa\u00f0ili sem s\u00e9r um uppsetningu \u00e1 hle\u00f0slust\u00f6\u00f0vum og lausnum \u00feeim tengdum en einnig vi\u00f0hald og \u00fej\u00f3nustu.<\/p>\n<p><a href=\"http:\/\/landsnet.is\/\">Landsnet<\/a>\u00a0Hlutverk Landsnets er a\u00f0 tryggja hagkv\u00e6ma uppbyggingu og rekstur raforkukerfisins.\u00a0Stefna Landsnets kristallast \u00ed lofor\u00f0um til samf\u00e9lagsins um \u00f6ruggt rafmagn og g\u00e6\u00f0i og \u00f6ryggi flutningskerfisins til framt\u00ed\u00f0ar, s\u00e1tt vi\u00f0 samf\u00e9lag og umhverfi, skilvirkan rekstur, uppl\u00fdsta umr\u00e6\u00f0u og markvissa stj\u00f3rnun og skipulag.<\/p>\n<p><a href=\"http:\/\/www.landsvirkjun.is\/\">Landsvirkjun<\/a>\u00a0er orkufyrirt\u00e6ki \u00ed eigu \u00edslensku \u00fej\u00f3\u00f0arinnar og vinnur rafmagn \u00far endurn\u00fdjanlegum orkugj\u00f6fum, vatnsafli, jar\u00f0varma og vindi. Fyrirt\u00e6ki\u00f0 vinnur 73% allrar raforku \u00ed landinu, er langst\u00e6rsti vinnslua\u00f0ili raforku \u00e1 \u00cdslandi. Um lei\u00f0 er fyrirt\u00e6ki\u00f0 lei\u00f0andi \u00ed sj\u00e1lfb\u00e6rri n\u00fdtingu orkugjafa og stu\u00f0lar a\u00f0 aukinni \u00feekkingu, n\u00fdsk\u00f6pun og t\u00e6kni\u00fer\u00f3un.<\/p>\n<p><a href=\"http:\/\/www.mannvirkjastofnun.is\/\">H\u00fasn\u00e6\u00f0is- og mannvirkjastofnun <\/a>starfar skv. l\u00f6gum nr. 160\/2010. Stofnuninni er \u00e6tla\u00f0 a\u00f0 tryggja samr\u00e6mingu \u00e1 byggingar- og eldvarnareftirliti og starfsemi sl\u00f6kkvili\u00f0a \u00ed samr\u00e1\u00f0i vi\u00f0 vi\u00f0komandi stj\u00f3rnv\u00f6ld og hafa yfirumsj\u00f3n me\u00f0 rafmagns\u00f6ryggism\u00e1lum.<\/p>\n<p><a href=\"http:\/\/www.mannvit.is\/\">Mannvit<\/a>\u00a0er st\u00e6rsta verkfr\u00e6\u00f0istofa landsins\u00a0 og hefur reynslu af fj\u00f6lm\u00f6rgum verkefnum \u00e1 svi\u00f0i orkuskipta \u00ed samg\u00f6ngum t.d. framlei\u00f0slu l\u00edfeldsneytis, \u00fe\u00e1 s\u00e9rstaklega vinnslu metans \u00far hauggasi og framlei\u00f0slu l\u00edfd\u00edsils \u00far \u00fargangi. Auk \u00feess teki\u00f0 \u00fe\u00e1tt \u00ed ranns\u00f3knarverkefnum var\u00f0andi framlei\u00f0slu l\u00edfetan\u00f3ls, metans og metan\u00f3ls.<\/p>\n<p><a href=\"http:\/\/www.metan.is\/\">Metan<\/a>\u00a0hf. var stofna\u00f0 20. \u00e1g\u00fast 1999 af Sorpey\u00f0ingu h\u00f6fu\u00f0borgarsv\u00e6\u00f0isins bs. og Aflvaka hf. en n\u00faverandi eigandi er SORPA bs. Helsta vi\u00f0fangsefni f\u00e9lagsins er \u00fer\u00f3un framlei\u00f0slu \u00e1 \u00edslensku metani og stu\u00f0la a\u00f0 aukinni notkun \u00e1 umhverfisv\u00e6nu \u00f6kut\u00e6kjaeldsneyti.<\/p>\n<p><a style=\"font-weight: 300;\" href=\"http:\/\/www.nordursigling.is\/forsida\/\">Nor\u00f0ursigling<\/a> er lei\u00f0andi fyrirt\u00e6ki \u00ed hvalasko\u00f0un \u00e1 \u00cdslandi og b\u00fd\u00f0ur gestum s\u00ednum upp \u00e1 einstaka upplifun \u00e1 me\u00f0al sj\u00e1vard\u00fdra og \u00e6vint\u00fdrafer\u00f0ir me\u00f0 b\u00e1tum sem hafa s\u00f6gu a\u00f0 segja. Fyrirt\u00e6ki\u00f0 var fyrst til a\u00f0 bj\u00f3\u00f0a upp \u00e1 hreinorku hvalasko\u00f0un me\u00f0 rafmagnsb\u00e1tinum Opal.<\/p>\n<p><a href=\"https:\/\/www.olis.is\/\">Ol\u00eds<\/a> er verslunar- og \u00fej\u00f3nustufyrirt\u00e6ki \u00e1 fyrirt\u00e6kja- og einstaklingsmarka\u00f0i, sem b\u00fd\u00f0ur g\u00f3\u00f0ar, samkeppnish\u00e6far v\u00f6rur og rekur s\u00f6lu- og \u00fej\u00f3nustukerfi \u00ed fremstu r\u00f6\u00f0. Ol\u00eds selur orkugjafa og a\u00f0rar rekstrarv\u00f6rur, svo sem smurol\u00edur, hreinsiv\u00f6rur og efnav\u00f6rur svo og almennar neysluv\u00f6rur til fyrirt\u00e6kja og einstaklinga.<\/p>\n<p><a href=\"https:\/\/www.odr.is\/\">Ol\u00edudreifing\u00a0<\/a>Meginstarfsemi Ol\u00edudreifingar er dreifing og birg\u00f0ahald \u00e1 flj\u00f3tandi eldsneyti fyrir eigendur s\u00edna N1 hf og Ol\u00eduverslun \u00cdslands h\/f og hefur Ol\u00edudreifing yfirteki\u00f0 starfsemi m\u00f3\u00f0urf\u00e9laganna \u00e1 \u00feessum svi\u00f0um.\u00a0F\u00e9lagi\u00f0 afgrei\u00f0ir eldsneyti til vi\u00f0skiptavina m\u00f3\u00f0urf\u00e9laganna samkv\u00e6mt \u00f3skum f\u00e9laganna e\u00f0a samkv\u00e6mt bei\u00f0num fr\u00e1 vi\u00f0skiptam\u00f6nnunum.<\/p>\n<p><a href=\"https:\/\/orkan.is\/\">Orkan ehf.<\/a> Hlutverk Orkunnar er a\u00f0 bj\u00f3\u00f0a l\u00e6gsta eldsneytisver\u00f0i\u00f0 \u00ed \u00f6llum landshlutum og \u00ed \u00e1kve\u00f0num hlutum h\u00f6fu\u00f0borgarsv\u00e6\u00f0isins. Fyrirt\u00e6ki\u00f0 er me\u00f0 yfir 70 sj\u00e1lfsafgrei\u00f0slu bens\u00ednst\u00f6\u00f0var sta\u00f0settar um land allt og vinnur a\u00f0 uppsetningu hra\u00f0hle\u00f0slust\u00f6\u00f0va fyrir rafb\u00edla \u00e1 v\u00f6ldum st\u00f6\u00f0vum.<\/p>\n<p><a href=\"https:\/\/www.on.is\/\" target=\"_blank\" rel=\"noopener\">Orka n\u00e1tt\u00farunnar<\/a> framlei\u00f0ir og selur rafmagn til allra landsmanna \u00e1 samkeppnish\u00e6fu ver\u00f0i. ON framlei\u00f0ir einnig heitt vatn fyrir h\u00f6fu\u00f0borgarsv\u00e6\u00f0i\u00f0.<\/p>\n<p><a href=\"http:\/\/os.is\/\">Orkustofnun<\/a> starfar undir yfirstj\u00f3rn umhverfis-, orku- og loftslagsr\u00e1\u00f0uneytisins samkv\u00e6mt l\u00f6gum og regluger\u00f0 um Orkustofnun. Orkustofnun fer me\u00f0al annars me\u00f0 stj\u00f3rns\u00fdslu \u00ed orkum\u00e1lum og aflar \u00feekkingar \u00e1 n\u00fdtingu orkulinda og annarra jar\u00f0r\u00e6nna au\u00f0linda.<\/p>\n<p><a href=\"http:\/\/www.or.is\/\">Orkuveita Reykjav\u00edkur<\/a>\u00a0er m\u00f3\u00f0urfyrirt\u00e6ki \u00ed samst\u00e6\u00f0u orku- og veitufyrirt\u00e6kja sem kappkosta a\u00f0 m\u00e6ta \u00fe\u00f6rfum vi\u00f0skiptavina me\u00f0 g\u00f3\u00f0ri \u00fej\u00f3nustu \u00e1 sanngj\u00f6rnu ver\u00f0i, traustum veiturekstri og hl\u00fdju vi\u00f0m\u00f3ti. D\u00f3tturfyrirt\u00e6ki OR eru Veitur, Orka n\u00e1tt\u00farunnar og Gagnaveita Reykjav\u00edkur.<\/p>\n<p><a href=\"http:\/\/www.rafey.is\/\">Rafey ehf<\/a> s\u00e9r me\u00f0al annars um breytingar \u00e1 bens\u00edn\/d\u00edsilb\u00edlum \u00ed rafb\u00edla og \u00fej\u00f3nustu vi\u00f0 rafb\u00edla. \u00dea\u00f0 hefur fyrirt\u00e6ki\u00f0 einnig sta\u00f0i\u00f0 a\u00f0 innflutningi \u00e1 m\u00f3torum, st\u00fdringum og \u00f6\u00f0rum \u00edhlutum fyrir rafb\u00edla.<\/p>\n<p><a href=\"https:\/\/www.rarik.is\/\">RARIK<\/a> ohf er hlutaf\u00e9lag \u00ed eigu r\u00edkisins sem var stofna\u00f0 1. \u00e1g\u00fast 2006. Meginhlutverk fyrirt\u00e6kisins hefur fr\u00e1 upphafi veri\u00f0 a\u00f0 afla og dreifa raforku me\u00f0 hagkv\u00e6mum h\u00e6tti til almennings og atvinnul\u00edfs. \u00cd dag er a\u00f0alverkefni RARIK a\u00f0 dreifa raforkunni en d\u00f3tturf\u00e9lagi\u00f0 Orkusalan s\u00e9r um framlei\u00f0slu og s\u00f6lum\u00e1l. Fyrirt\u00e6ki\u00f0 rekur fimm virkjanir auk hita- og fjarvarmaveitna \u00e1 fimm st\u00f6\u00f0um \u00e1 landinu.<\/p>\n<p><a style=\"font-weight: 300;\" href=\"http:\/\/www.reykjavik.is\/\">Reykjav\u00edkurborg<\/a> spilar mikilv\u00e6gt hlutverk \u00ed orkuskiptum \u00ed landinu og hefur veri\u00f0 \u00fe\u00e1tttakandi \u00ed loftslagss\u00e1ttm\u00e1la sveitarf\u00e9laga (Covenant of Mayors) s\u00ed\u00f0an 2011. Undanfarin \u00e1r hefur Reykjav\u00edkurborg unni\u00f0 markvisst a\u00f0 framgangi umhverfism\u00e1la \u00ed borginni, innleitt vistv\u00e6nan rekstur og lagt \u00e1herslu \u00e1 gr\u00e6nar fj\u00e1rfestingar sem hafa b\u00e6tt umhverfi og l\u00edfsg\u00e6\u00f0i borgarb\u00faa.<\/p>\n<p><a href=\"https:\/\/rst.is\/\">RST Net<\/a> veitir s\u00e9rh\u00e6f\u00f0a \u00fej\u00f3nustu og uppsetningu \u00e1 \u00f6llu sem tengist raf- og v\u00e9lb\u00fana\u00f0i \u00ed orkui\u00f0na\u00f0i. Fyrirt\u00e6ki\u00f0 b\u00e6\u00f0i framlei\u00f0ir og sinnir vi\u00f0haldi \u00e1 rafb\u00fana\u00f0i og leggur mikla \u00e1herslu \u00e1 fyrirbyggjandi vi\u00f0hald byggt \u00e1 m\u00e6lingum og pr\u00f3funum.<\/p>\n<p><a href=\"http:\/\/samorka.is\/\">Samorka<\/a>\u00a0eru samt\u00f6k orku- og veitufyrirt\u00e6kja \u00e1 \u00cdslandi. Innan samtakanna starfa fr\u00e1veitur, hitaveitur, vatnsveitur, raforkuframlei\u00f0endur, raforkusalar og flutnings- og dreifingarfyrirt\u00e6ki raforku.<\/p>\n<p><a href=\"https:\/\/www.saf.is\/\">Samt\u00f6k fer\u00f0a\u00fej\u00f3nustunnar\u00a0<\/a>(SAF) eru hagsmunasamt\u00f6k allra fyrirt\u00e6kja sem starfa \u00ed fer\u00f0a\u00fej\u00f3nustu. SAF g\u00e6ta sameiginlegra hagsmuna f\u00e9lagsmanna sinna gagnvart stj\u00f3rnv\u00f6ldum, vinna a\u00f0 \u00fev\u00ed a\u00f0 fyrirt\u00e6kin b\u00fai vi\u00f0 samkeppnish\u00e6f starfsskilyr\u00f0i og stu\u00f0la a\u00f0 \u00fev\u00ed a\u00f0 fer\u00f0a\u00fej\u00f3nusta \u00e1 \u00cdslandi grundvallist \u00e1 vir\u00f0ingu fyrir landi og \u00fej\u00f3\u00f0.<\/p>\n<p><a href=\"http:\/\/www.si.is\/\">Samt\u00f6k i\u00f0na\u00f0arins<\/a>\u00a0vinna a\u00f0 hagsmunum i\u00f0na\u00f0arins \u00e1 \u00f6llum svi\u00f0um og \u00ed n\u00e1nu samr\u00e1\u00f0i vi\u00f0 fyrirt\u00e6kin sj\u00e1lf. Me\u00f0al f\u00e9laga eru fyrirt\u00e6ki sem starfa a\u00f0 orkum\u00e1lum \u00ed samg\u00f6ngum. Innan SI starfar starfsgreinah\u00f3purinn CleanTech Iceland, sem eru samt\u00f6k fyrirt\u00e6kja \u00ed gr\u00e6nni t\u00e6kni.<\/p>\n<p><a style=\"font-weight: 300;\" href=\"http:\/\/www.svth.is\/\">Samt\u00f6k verslunar og \u00fej\u00f3nustu<\/a>\u00a0(SV\u00de) eru m\u00e1lsvari atvinnurekenda \u00ed verslunar- og \u00fej\u00f3nustufyrirt\u00e6kjum.\u00a0Samt\u00f6kin vinna a\u00f0 almennum, sameiginlegum hagsmunam\u00e1lum a\u00f0ildarfyrirt\u00e6kja og stu\u00f0la a\u00f0 framf\u00f6rum \u00ed verslun og \u00fej\u00f3nustu, b\u00e6ttum starfsskilyr\u00f0um, aukinni ar\u00f0semi og samkeppnish\u00e6fni.<\/p>\n<p><a style=\"font-weight: 300;\" href=\"http:\/\/www.toyota.is\/\">Toyota \u00e1 \u00cdslandi<\/a><span style=\"font-weight: 300;\"> er umbo\u00f0sa\u00f0ili fyrir n\u00fdja Toyota b\u00edla, vara- og aukahluti. Toyota leggur miki\u00f0 upp \u00far \u00fev\u00ed a\u00f0 fara umhverfisv\u00e6nustu lei\u00f0ina \u00ed allri starfsemi og hefur einsett s\u00e9r a\u00f0 vera \u00ed fararbroddi fyrirt\u00e6kja \u00e1 svi\u00f0i umhverfism\u00e1la h\u00e9r \u00e1 landi.<\/span><\/p>\n<p><a href=\"https:\/\/www.stjornarradid.is\/raduneyti\/umhverfis-og-audlindaraduneytid\/\" target=\"_blank\" rel=\"noopener\">Umhverfis-, orku- og loftslagsr\u00e1\u00f0uneyti\u00f0<\/a> Hlutverk umhverfis-, orku- og loftslagsr\u00e1\u00f0uneytisins er a\u00f0 skapa umgj\u00f6r\u00f0 um umhverfisvernd g sj\u00e1lfb\u00e6ra n\u00fdtingu n\u00e1tt\u00farug\u00e6\u00f0a me\u00f0 velfer\u00f0 og jafnr\u00e9tti kynsl\u00f3\u00f0anna a\u00f0 lei\u00f0arlj\u00f3si.<\/p>\n<p><a href=\"http:\/\/www.vegagerdin.is\/\">Vegager\u00f0in<\/a> hefur \u00fea\u00f0 hlutverk a\u00f0 \u00fer\u00f3a og annast samg\u00f6ngukerfi, \u00e1 sj\u00f3 og landi, \u00e1 sem hagkv\u00e6mastan h\u00e1tt me\u00f0 \u00fearfir samf\u00e9lagsins a\u00f0 lei\u00f0arlj\u00f3si. Samg\u00f6ngur\u00e1\u00f0herra hefur yfirstj\u00f3rn vegam\u00e1la.<\/p>\n<p><a href=\"http:\/\/veitur.is\">Veitur<\/a> ohf. sinna mikilv\u00e6gri \u00fej\u00f3nustu \u00ed almanna\u00fe\u00e1gu og g\u00e6ta \u00feess a\u00f0 notendur hafi st\u00f6\u00f0ugt a\u00f0gengi a\u00f0 hitaveitu, rafveitu, vatnsveitu og fr\u00e1veitu. Veitur er st\u00e6rsta veiturfyrirt\u00e6ki landsins. \u00dea\u00f0 var\u00f0 til vi\u00f0 uppskiptingu Orkuveitu Reykjav\u00edkur \u00ed s\u00e9rleyfisstarfsemi og samkeppnisstarfsemi \u00ed \u00e1rsbyrjun 2014 til samr\u00e6mis vi\u00f0 kr\u00f6fur \u00ed raforkul\u00f6gum.<\/p>\n<p><a href=\"https:\/\/www.vfi.is\/\" target=\"_blank\" rel=\"noopener\">Verkfr\u00e6\u00f0ingaf\u00e9lag \u00cdslands<\/a>\u00a0er samstarfsvettvangur til \u00feess a\u00f0 efla verkfr\u00e6\u00f0ilega og v\u00edsindalegu \u00feekkingu. VF\u00cd stendur v\u00f6r\u00f0 um l\u00f6gvernda\u00f0 starfsheiti og g\u00e6\u00f0i verkfr\u00e6\u00f0in\u00e1msins og vinnur a\u00f0 hagsmunum f\u00e9lagsmanna sinna \u00e1 brei\u00f0um grundvelli til framt\u00ed\u00f0ar.<\/p>\n<p><a href=\"https:\/\/www.verkis.is\/\">Verk\u00eds verkfr\u00e6\u00f0istofa<\/a> er frams\u00e6ki\u00f0 r\u00e1\u00f0gjafarfyrirt\u00e6ki sem b\u00fd\u00f0ur fyrsta flokks \u00fej\u00f3nustu \u00e1 \u00f6llum svi\u00f0um verkfr\u00e6\u00f0ir\u00e1\u00f0gjafar og skyldum greinum.<\/p>\n<\/div>\n","protected":false},"excerpt":{"rendered":"<p>Samstarfsa\u00f0ilar Gr\u00e6nu orkunar \u00c1 a\u00f0alfundi Gr\u00e6nu orkunnar \u00ed n\u00f3vember 2014 var \u00e1kve\u00f0i\u00f0 a\u00f0 stofna formleg f\u00e9lagasamt\u00f6k undir heitinu Samstarfsvettvangur um orkuskipti. \u00cd dag er f\u00e9lagsgjald fyrirt\u00e6kja me\u00f0 fleiri en 25 starfsmenn skyldi vera 50.000 en 12.500 fyrir minni fyrirt\u00e6ki og &hellip; <a href=\"https:\/\/graenaorkan.is\/?page_id=157\">Continue reading <span class=\"meta-nav\">&rarr;<\/span><\/a><\/p>\n","protected":false},"author":1,"featured_media":0,"parent":124,"menu_order":0,"comment_status":"open","ping_status":"open","template":"","meta":[],"_links":{"self":[{"href":"https:\/\/graenaorkan.is\/index.php?rest_route=\/wp\/v2\/pages\/157"}],"collection":[{"href":"https:\/\/graenaorkan.is\/index.php?rest_route=\/wp\/v2\/pages"}],"about":[{"href":"https:\/\/graenaorkan.is\/index.php?rest_route=\/wp\/v2\/types\/page"}],"author":[{"embeddable":true,"href":"https:\/\/graenaorkan.is\/index.php?rest_route=\/wp\/v2\/users\/1"}],"replies":[{"embeddable":true,"href":"https:\/\/graenaorkan.is\/index.php?rest_route=%2Fwp%2Fv2%2Fcomments&post=157"}],"version-history":[{"count":51,"href":"https:\/\/graenaorkan.is\/index.php?rest_route=\/wp\/v2\/pages\/157\/revisions"}],"predecessor-version":[{"id":2476,"href":"https:\/\/graenaorkan.is\/index.php?rest_route=\/wp\/v2\/pages\/157\/revisions\/2476"}],"up":[{"embeddable":true,"href":"https:\/\/graenaorkan.is\/index.php?rest_route=\/wp\/v2\/pages\/124"}],"wp:attachment":[{"href":"https:\/\/graenaorkan.is\/index.php?rest_route=%2Fwp%2Fv2%2Fmedia&parent=157"}],"curies":[{"name":"wp","href":"https:\/\/api.w.org\/{rel}","templated":true}]}}